{"id":109,"date":"2011-02-25T19:35:35","date_gmt":"2011-02-25T18:35:35","guid":{"rendered":"http:\/\/heimatverein-morsbach.de\/?page_id=109"},"modified":"2022-04-14T21:02:05","modified_gmt":"2022-04-14T19:02:05","slug":"wandergruppe","status":"publish","type":"page","link":"https:\/\/heimatverein-morsbach.de\/?page_id=109","title":{"rendered":"Wandergruppe"},"content":{"rendered":"<p><strong>Informationen zu k\u00fcnftige Wanderungen siehe unter News<\/strong><\/p>\n<p><strong><u>Wanderung des Morsbacher Heimatvereins durch das Aubachtal \u00a0<\/u><\/strong><\/p>\n<p>Am Sonntag, den <strong>09.02.2020<\/strong> f\u00fchrt der Heimatverein Morsbach seine erste diesj\u00e4hrige Wanderung durch. Jeder Wander &#8211; und Heimatinteressierte ist herzlich eingeladen mit zuwandern. Ben\u00f6tigt werden gutes Schuhwerk und Rucksackverpflegung. Die rund zweieinhalbst\u00fcndige Wanderung startet um 10.00 Uhr am Stellplatz oberhalb der Wendershagener Windr\u00e4der.<\/p>\n<p>Von dort geht es los \u00fcber den Jakobsweg in Richtung Forsthaus Mohrenbach, durch Sch\u00f6nbach ins Wandergebiet Aubachtal und von dort zum Dorfplatz in Wildbergerh\u00fctte, gelegen hinter der Kirche St. Bonifatius. Am Dorfplatz ist Gelegenheit zur ausgiebigen Rast und Kirchenbesichtigung. Die im postmodernen Stil errichtete Kirche St. Bonifatius geh\u00f6rt zu den bedeutendsten Kirchenneubauten Deutschlands. Errichtet in Form eines Oktogons, mit einem m\u00e4chtigen, von sechs St\u00fctzen getragenen Dach, zeichnet sie sich durch das liebevoll aus heimischer Grauwacke und lokalen alten Ziegelsteinen in r\u00f6mischer Ordnung gestaltete Mauerwerk aus. Der oktogonale Innenraum wird von oben mild belichtet, leicht abfallendes Kopfsteinpflaster f\u00fchrt zu dem zentral gelegenen Altar.<\/p>\n<p>Nach der Rast geht es als Rundweg zur\u00fcck durchs malerische Aubachtal und den Fichtenwald zum Ausgangspunkt oberhalb der Wendershagener Windr\u00e4der.<\/p>\n<p>Wegstrecke: Rundweg ca. 11 Kilometer, nicht f\u00fcr kleinr\u00e4drige Kinder-Buggys geeignet, Hunde k\u00f6nnen mitgef\u00fchrt werden.<\/p>\n<p>Wanderf\u00fchrer: Marlies Roth und Werner Schuh. Eine Anmeldung ist nicht erforderlich. Bei angesagtem Dauerregen f\u00e4llt die Wanderung aus. (CB-12.01.20)<\/p>\n<p>&nbsp;<\/p>\n<p><strong><u>Jahresabschlusswanderung der Wandergruppe<\/u><\/strong><\/p>\n<p><strong><u>des Heimatverein Morsbach zum Odenspieler Weihnachtsmarkt<\/u><\/strong><\/p>\n<p>F\u00fcr Sonntag, den 08.12.2019 l\u00e4dt der Heimatverein Morsbach e.V. wieder zum Wandern ein. Die Wanderung f\u00fchrt ab Morsbach auf landschaftlich sch\u00f6nen Wegen \u00fcber die H\u00f6hen von Ortseifen nach Lichtenberg. Von Lichtenberg geht es dann mit guter Fernsicht oberhalb der Windr\u00e4der Wendershagens vorbei an Erdingen nach Odenspiel. Dort f\u00fchrt der Weg durch den weihnachtlich geschm\u00fcckten Ort zum Weihnachtsmarkt der Familie Dissmann, welcher im heimeligen Ambiente eines klassischen oberbergischen Bauernhofes stattfindet. Die Teilnahme an der Wanderung ist kostenlos. Wanderf\u00fchrer sind Marlies Roth und Werner Schuh. Der Start erfolgt um 10.00 Uhr am Rathausplatz in Morsbach. Die Strecke betr\u00e4gt ca. 11 Kilometer und dauert rund 2,5 Stunden. Festes Schuhwerk und eine gute Kondition sind Voraussetzung. Die R\u00fcckkehr von Odenspiel erfolgt mit Fahrgemeinschaften, die selber organisiert werden m\u00fcssen. (CB-22.11.19)<\/p>\n<p>&nbsp;<\/p>\n<p><strong><u>Wanderprogramm 2019 des Heimatvereins Morsbach<\/u><\/strong><\/p>\n<p>Der Heimatverein Morsbach f\u00fchrt im Jahr 2019 folgende Wanderungen durch:<\/p>\n<p><strong><u>Sonntag, 10. Februar 2019, 10.00 Uhr<\/u><\/strong><\/p>\n<p><strong>Winterwanderung <\/strong>\u00fcber die H\u00f6hen von Ortseifen und Lichtenberg (ca. 10 km), Rucksackverpflegung, Start: Morsbach, Parkplatz am Kurpark<\/p>\n<p><strong><u>Sonntag, 01. Mai 2019, 10.00 Uhr<\/u><\/strong><\/p>\n<p><strong>Familienwanderung<\/strong> nach Ellingen<\/p>\n<p>Start: Morsbach, Parkplatz am Kurpark<\/p>\n<p><strong><u>Sonntag, 01. September 2019, 10.00 Uhr<\/u><\/strong><\/p>\n<p><strong>Herbstwanderung<\/strong> zur Vierbucher M\u00fchle (Rucksackverpflegung, Einkehrm\u00f6glichkeit) und wieder zur\u00fcck nach Holpe (ca. 20 km),<\/p>\n<p>Start: Steimelhagen, Ortsmitte<\/p>\n<p><strong>Veranstalter: Heimatverein Morsbach, Tel. 02294\/991280 oder 991001<\/strong><\/p>\n<p>(CB-05.02.19)<\/p>\n<p>&nbsp;<\/p>\n<p><strong><u>Wanderungen des Heimatvereins Morsbach 2018<\/u><\/strong><\/p>\n<p>Nachdem die traditionelle Familienwanderung am 1. Mai 2018 wieder mit gro\u00dfer Beteiligung erfolgt ist, bietet der Heimatverein Morsbach f\u00fcr dieses Jahr noch zwei weitere Wanderungen an und zwar:<\/p>\n<p><strong>Sonntag, 22.07.2018, 10.00 Uhr<\/strong><\/p>\n<p><strong>Wanderung \u00fcber den Baumweg<\/strong>, Dauer ca. 2 \u00bd Stunden<\/p>\n<p><strong>Sonntag, 02.09.2018, 10.00 Uhr<\/strong><\/p>\n<p><strong>Wanderung mit Besuch eines Heimatmuseums<\/strong>, Dauer der Wanderung ca. 3 \u00bd Stunden, plus Besuch des Heimatmuseums der Familie Stinner in Strick<\/p>\n<p><strong>Startpunkt<\/strong> bei beiden Wanderungen: Busbahnhof in Morsbach.<\/p>\n<p>Rucksackverpflegung wird empfohlen.<\/p>\n<p><strong>Weitere Ausk\u00fcnfte<\/strong> bei Marlies Roth, Tel. 02294\/991001<\/p>\n<p>Archivfoto: C. Buchen<\/p>\n<p>(CB-14.06.18)<\/p>\n<p><a href=\"http:\/\/heimatverein-morsbach.de\/wp-content\/uploads\/2018\/06\/K800_BaumwegFotoCBuchen.jpg\"><img loading=\"lazy\" decoding=\"async\" class=\"aligncenter size-medium wp-image-2063\" src=\"http:\/\/heimatverein-morsbach.de\/wp-content\/uploads\/2018\/06\/K800_BaumwegFotoCBuchen-300x152.jpg\" alt=\"\" width=\"300\" height=\"152\" srcset=\"https:\/\/heimatverein-morsbach.de\/wp-content\/uploads\/2018\/06\/K800_BaumwegFotoCBuchen-300x152.jpg 300w, https:\/\/heimatverein-morsbach.de\/wp-content\/uploads\/2018\/06\/K800_BaumwegFotoCBuchen-768x390.jpg 768w, https:\/\/heimatverein-morsbach.de\/wp-content\/uploads\/2018\/06\/K800_BaumwegFotoCBuchen-1024x519.jpg 1024w, https:\/\/heimatverein-morsbach.de\/wp-content\/uploads\/2018\/06\/K800_BaumwegFotoCBuchen.jpg 1183w\" sizes=\"auto, (max-width: 300px) 100vw, 300px\" \/><\/a><\/p>\n<p><strong><u>1.Mai 2018: Familienwanderung mit dem Heimatverein Morsbach<\/u><\/strong><\/p>\n<p>Seit 1998 f\u00fchrt der Heimatverein Morsbach jeweils am 1. Mai eine Familienwanderung mit stets gro\u00dfer Beteiligung durch. Am 1. Mai 2018 hei\u00dft es wieder: Wir wandern mit dem Heimatverein und feiern das 20-J\u00e4hrige. Alle heimat- und naturkundlich interessierten Familien und Einzelwanderer sind hierzu herzlich eingeladen. Ziel der diesj\u00e4hrigen Wanderung ist das D\u00f6rfergemeinschaftshaus\/ehem. Volksschule in Wallerhausen.<\/p>\n<p>Treffpunkt ist wieder <strong>um 10.00 Uhr<\/strong> am Kurpark. Von dort aus geht es <strong>p\u00fcnktlich <\/strong>\u00fcber Heide und das Zielenbacher Tal nach Wallerhausen. Nach einer etwa 2-st\u00fcndigen Wanderung findet dort der Abschluss statt und die Wanderer k\u00f6nnen gegen Mittag die Tour gem\u00fctlich bei Grillw\u00fcrstchen und k\u00fchlen Getr\u00e4nken ausklingen lassen.<\/p>\n<p>Von Wallerhausen aus muss jeder selbst den Heimweg organisieren. Ggf. k\u00f6nnen Fahrgemeinschaften gebildet werden. (CB-05.04.18)<\/p>\n<p><a href=\"http:\/\/heimatverein-morsbach.de\/wp-content\/uploads\/2018\/04\/K800_MaiwanderungHeimatvereinMorsbach_nachWallerhausenArchivfotoCBuchen.jpg\"><img loading=\"lazy\" decoding=\"async\" class=\"aligncenter size-medium wp-image-2036\" src=\"http:\/\/heimatverein-morsbach.de\/wp-content\/uploads\/2018\/04\/K800_MaiwanderungHeimatvereinMorsbach_nachWallerhausenArchivfotoCBuchen-300x169.jpg\" alt=\"\" width=\"300\" height=\"169\" srcset=\"https:\/\/heimatverein-morsbach.de\/wp-content\/uploads\/2018\/04\/K800_MaiwanderungHeimatvereinMorsbach_nachWallerhausenArchivfotoCBuchen-300x169.jpg 300w, https:\/\/heimatverein-morsbach.de\/wp-content\/uploads\/2018\/04\/K800_MaiwanderungHeimatvereinMorsbach_nachWallerhausenArchivfotoCBuchen-768x432.jpg 768w, https:\/\/heimatverein-morsbach.de\/wp-content\/uploads\/2018\/04\/K800_MaiwanderungHeimatvereinMorsbach_nachWallerhausenArchivfotoCBuchen-1024x576.jpg 1024w, https:\/\/heimatverein-morsbach.de\/wp-content\/uploads\/2018\/04\/K800_MaiwanderungHeimatvereinMorsbach_nachWallerhausenArchivfotoCBuchen.jpg 1066w\" sizes=\"auto, (max-width: 300px) 100vw, 300px\" \/><\/a><\/p>\n<p><strong>Wanderprogramm 2015 der Wandergruppe im Heimatverein Morsbach<\/strong><\/p>\n<p>Treffpunkt ist immer im Kurpark<\/p>\n<table width=\"686\">\n<tbody>\n<tr>\n<td width=\"77\"><strong>\u00a0<\/strong><\/td>\n<td width=\"136\"><\/td>\n<td width=\"87\"><\/td>\n<td width=\"386\"><\/td>\n<\/tr>\n<tr>\n<td width=\"77\"><strong>April<\/strong><\/td>\n<td width=\"136\">So 19.04.2015<\/td>\n<td width=\"87\">14.00 Uhr<\/td>\n<td width=\"386\">N\u00e4chste Etappe Wisserland, ca. 9 km<\/td>\n<\/tr>\n<tr>\n<td width=\"77\"><strong>\u00a0<\/strong><\/td>\n<td width=\"136\"><\/td>\n<td width=\"87\"><\/td>\n<td width=\"386\"><\/td>\n<\/tr>\n<tr>\n<td width=\"77\"><strong>Mai<\/strong><\/td>\n<td width=\"136\">Fr 01.05.2015<\/td>\n<td width=\"87\">10.00 Uhr<\/td>\n<td width=\"386\">Familienwanderung mit dem Heimatverein<\/td>\n<\/tr>\n<tr>\n<td width=\"77\"><strong>\u00a0<\/strong><\/td>\n<td width=\"136\"><\/td>\n<td width=\"87\"><\/td>\n<td width=\"386\"><\/td>\n<\/tr>\n<tr>\n<td width=\"77\"><strong>Juni<\/strong><\/td>\n<td width=\"136\">So 21.06.2015<\/td>\n<td width=\"87\">10.30 Uhr<\/td>\n<td width=\"386\">Rund um Kreuztal, Rucksackverpflegung ca. 10 km<\/td>\n<\/tr>\n<tr>\n<td width=\"77\"><strong>\u00a0<\/strong><\/td>\n<td width=\"136\"><\/td>\n<td width=\"87\"><\/td>\n<td width=\"386\"><\/td>\n<\/tr>\n<tr>\n<td width=\"77\"><strong>Septemb.<\/strong><\/td>\n<td width=\"136\">So 20.09.2015<\/td>\n<td width=\"87\">14.00 Uhr<\/td>\n<td width=\"386\">An den H\u00e4ngen des Wissertals, mit Einkehr, ca. 10 km<\/td>\n<\/tr>\n<tr>\n<td width=\"77\"><strong>\u00a0<\/strong><\/td>\n<td width=\"136\"><\/td>\n<td width=\"87\"><\/td>\n<td width=\"386\"><\/td>\n<\/tr>\n<tr>\n<td width=\"77\"><strong>Oktober<\/strong><\/td>\n<td width=\"136\">Fr 02.-. So 04.10.15<\/td>\n<td width=\"87\"><\/td>\n<td width=\"386\">Internationales Wochenende, <strong>Anmeldung bis zum 30.01.2015<\/strong><\/td>\n<\/tr>\n<tr>\n<td width=\"77\"><strong>\u00a0<\/strong><\/td>\n<td width=\"136\"><\/td>\n<td width=\"87\"><\/td>\n<td width=\"386\"><\/td>\n<\/tr>\n<\/tbody>\n<\/table>\n<p><strong>\u00a0<\/strong><\/p>\n<p><strong>Auskunft:<\/strong> Mechthild Diederich, Tel. 02294\/999 56 49 oder Peter Buchen, Tel. 02294\/900 370<\/p>\n<p>(CB-01.12.14)<\/p>\n<p><b><span style=\"text-decoration: underline;\">Wandern 2014 mit dem Heimatverein Morsbach<\/span><\/b><\/p>\n<p><b>Treffpunkt ist immer am Kurpark<\/b><\/p>\n<p>&nbsp;<\/p>\n<table border=\"0\" width=\"699\" cellspacing=\"0\" cellpadding=\"0\">\n<tbody>\n<tr>\n<td valign=\"top\" width=\"85\"><b>\u00a0<\/b><\/td>\n<td valign=\"top\" width=\"132\">So 23.03.2014<\/td>\n<td valign=\"top\" width=\"76\">14.00 Uhr<\/td>\n<td valign=\"top\" width=\"406\">Wanderung K\u00f6mpel-Oberzielenbach, ca. 2 Std.<\/td>\n<\/tr>\n<tr>\n<td valign=\"top\" width=\"85\"><b>\u00a0<\/b><\/td>\n<td valign=\"top\" width=\"132\"><\/td>\n<td valign=\"top\" width=\"76\"><\/td>\n<td valign=\"top\" width=\"406\"><\/td>\n<\/tr>\n<tr>\n<td valign=\"top\" width=\"85\"><b>\u00a0<\/b><\/td>\n<td valign=\"top\" width=\"132\">So 13.04.2014<\/td>\n<td valign=\"top\" width=\"76\">14.00 Uhr<\/td>\n<td valign=\"top\" width=\"406\">Morsbacher Runde, ca. 2,5 Std.<\/td>\n<\/tr>\n<tr>\n<td valign=\"top\" width=\"85\"><b>\u00a0<\/b><\/td>\n<td valign=\"top\" width=\"132\"><\/td>\n<td valign=\"top\" width=\"76\"><\/td>\n<td valign=\"top\" width=\"406\"><\/td>\n<\/tr>\n<tr>\n<td valign=\"top\" width=\"85\"><b>\u00a0<\/b><\/td>\n<td valign=\"top\" width=\"132\">Do 01.05.2014<\/td>\n<td valign=\"top\" width=\"76\">10.00 Uhr<\/td>\n<td valign=\"top\" width=\"406\">Familienwanderung mit dem Heimatverein<\/td>\n<\/tr>\n<tr>\n<td valign=\"top\" width=\"85\"><b>\u00a0<\/b><\/td>\n<td valign=\"top\" width=\"132\"><\/td>\n<td valign=\"top\" width=\"76\"><\/td>\n<td valign=\"top\" width=\"406\"><\/td>\n<\/tr>\n<tr>\n<td valign=\"top\" width=\"85\"><b>\u00a0<\/b><\/td>\n<td valign=\"top\" width=\"132\">So 18.05.2014<\/td>\n<td valign=\"top\" width=\"76\">14.00 Uhr<\/td>\n<td valign=\"top\" width=\"406\">N\u00e4chste Etappe Wisserland, ca. 2,5 Std.<\/td>\n<\/tr>\n<tr>\n<td valign=\"top\" width=\"85\"><b>\u00a0<\/b><\/td>\n<td valign=\"top\" width=\"132\"><\/td>\n<td valign=\"top\" width=\"76\"><\/td>\n<td valign=\"top\" width=\"406\"><\/td>\n<\/tr>\n<tr>\n<td valign=\"top\" width=\"85\"><b>\u00a0<\/b><\/td>\n<td valign=\"top\" width=\"132\">So 15.06.2014<\/td>\n<td valign=\"top\" width=\"76\">14.00 Uhr<\/td>\n<td valign=\"top\" width=\"406\">Wald-Mythenweg zur Vierbucherm\u00fchle, ca. 3 Std. + Einkehr<\/td>\n<\/tr>\n<tr>\n<td valign=\"top\" width=\"85\"><b>\u00a0<\/b><\/td>\n<td valign=\"top\" width=\"132\"><\/td>\n<td valign=\"top\" width=\"76\"><\/td>\n<td valign=\"top\" width=\"406\"><\/td>\n<\/tr>\n<tr>\n<td valign=\"top\" width=\"85\"><b>\u00a0<\/b><\/td>\n<td valign=\"top\" width=\"132\">So 27.07.2014<\/td>\n<td valign=\"top\" width=\"76\">10.00 Uhr<\/td>\n<td valign=\"top\" width=\"406\"><b>Neu: <\/b>Geocaching, moderne Schnitzeljagd rund um Morsbach<b> <\/b><\/td>\n<\/tr>\n<tr>\n<td valign=\"top\" width=\"85\"><b>\u00a0<\/b><\/td>\n<td valign=\"top\" width=\"132\"><\/td>\n<td valign=\"top\" width=\"76\"><\/td>\n<td valign=\"top\" width=\"406\"><\/td>\n<\/tr>\n<tr>\n<td valign=\"top\" width=\"85\"><b>\u00a0<\/b><\/td>\n<td valign=\"top\" width=\"132\">So 07.09.2014<\/td>\n<td valign=\"top\" width=\"76\">09.00 Uhr<\/td>\n<td valign=\"top\" width=\"406\">5. Etappe Siegsteig: ab Eitorf, Rucksack-Verpflegung ca. 4 Std.<\/td>\n<\/tr>\n<tr>\n<td valign=\"top\" width=\"85\"><b>\u00a0<\/b><\/td>\n<td valign=\"top\" width=\"132\"><\/td>\n<td valign=\"top\" width=\"76\"><\/td>\n<td valign=\"top\" width=\"406\"><\/td>\n<\/tr>\n<tr>\n<td valign=\"top\" width=\"85\"><b>\u00a0<\/b><\/td>\n<td valign=\"top\" width=\"132\">Do 02. od. Fr 03.10.\u00a0 bis 05.10.2014<\/td>\n<td valign=\"top\" width=\"76\"><\/td>\n<td valign=\"top\" width=\"406\">Wanderwochenende im Odenwald, Anmeldung bis zum 30.01.2014<\/td>\n<\/tr>\n<tr>\n<td valign=\"top\" width=\"85\"><b>\u00a0<\/b><\/td>\n<td valign=\"top\" width=\"132\"><\/td>\n<td valign=\"top\" width=\"76\"><\/td>\n<td valign=\"top\" width=\"406\"><\/td>\n<\/tr>\n<tr>\n<td valign=\"top\" width=\"85\"><b>\u00a0<\/b><\/td>\n<td valign=\"top\" width=\"132\">November 2014<\/td>\n<td valign=\"top\" width=\"76\"><\/td>\n<td valign=\"top\" width=\"406\">K\u00f6ln \u2013Kultur, Anmeldung bis zum 01.03.2014<b><i>,<\/i><\/b> n\u00e4heres im \u201eFlursch\u00fctz\u201c<\/td>\n<\/tr>\n<tr>\n<td valign=\"top\" width=\"85\"><b>\u00a0<\/b><\/td>\n<td valign=\"top\" width=\"132\"><\/td>\n<td valign=\"top\" width=\"76\"><\/td>\n<td valign=\"top\" width=\"406\"><\/td>\n<\/tr>\n<\/tbody>\n<\/table>\n<p><b>\u00a0<\/b><\/p>\n<table border=\"0\" width=\"699\" cellspacing=\"0\" cellpadding=\"0\">\n<tbody>\n<tr>\n<td valign=\"top\" width=\"699\"><b>Auskunft:<\/b> Mechthild Diederich, Tel. 02294\/999 56 49 oder Peter Buchen, Tel. 02294\/900 370<\/td>\n<\/tr>\n<\/tbody>\n<\/table>\n<p><strong><span style=\"text-decoration: underline;\">Wanderprogramm 2013 <\/span><\/strong><\/p>\n<p>&nbsp;<\/p>\n<p><strong><span style=\"text-decoration: underline;\">der Wandergruppe im Heimatverein Morsbach<\/span><\/strong><\/p>\n<p>&nbsp;<\/p>\n<p>Treffpunkt ist immer am Kurpark<\/p>\n<p>&nbsp;<\/p>\n<p>&nbsp;<\/p>\n<p>&nbsp;<\/p>\n<table border=\"1\" width=\"690\" cellspacing=\"0\" cellpadding=\"0\">\n<tbody>\n<tr>\n<td valign=\"top\" width=\"690\"><strong>Anmeldung<\/strong> f\u00fcr das Wanderwochenende wahlweise vom 03. oder 04.10. bis 06.10. 2013\u00a0 im Naturpark Eifel, Wildnis-Trail, Dreiborner Hochfl\u00e4che <strong>bis zum 31.01.2013<\/strong><\/td>\n<\/tr>\n<\/tbody>\n<\/table>\n<p>&nbsp;<\/p>\n<p>&nbsp;<\/p>\n<p>&nbsp;<\/p>\n<table border=\"0\" width=\"699\" cellspacing=\"0\" cellpadding=\"0\">\n<tbody>\n<tr>\n<td valign=\"top\" width=\"85\"><strong>M\u00e4rz<\/strong><\/td>\n<td valign=\"top\" width=\"132\">So 17.03.2013<\/td>\n<td valign=\"top\" width=\"76\">14.00Uhr<\/td>\n<td valign=\"top\" width=\"406\">Wanderung zur Helmertsburg, ca. 2,5 Std<\/td>\n<\/tr>\n<tr>\n<td valign=\"top\" width=\"85\"><strong>\u00a0<\/strong><\/td>\n<td valign=\"top\" width=\"132\"><\/td>\n<td valign=\"top\" width=\"76\"><\/td>\n<td valign=\"top\" width=\"406\"><\/td>\n<\/tr>\n<tr>\n<td valign=\"top\" width=\"85\"><strong>April<\/strong><\/td>\n<td valign=\"top\" width=\"132\">So 14.04.2013<\/td>\n<td valign=\"top\" width=\"76\">14.00Uhr<\/td>\n<td valign=\"top\" width=\"406\">N\u00e4chste Etappe Wisserland, ca. 3,5 Std<\/td>\n<\/tr>\n<tr>\n<td valign=\"top\" width=\"85\"><strong>\u00a0<\/strong><\/td>\n<td valign=\"top\" width=\"132\"><\/td>\n<td valign=\"top\" width=\"76\"><\/td>\n<td valign=\"top\" width=\"406\"><\/td>\n<\/tr>\n<tr>\n<td valign=\"top\" width=\"85\"><strong>Mai<\/strong><\/td>\n<td valign=\"top\" width=\"132\">Mi 01.05.2013<\/td>\n<td valign=\"top\" width=\"76\">10.00Uhr<\/td>\n<td valign=\"top\" width=\"406\">Familienwanderung mit dem Heimatverein<\/td>\n<\/tr>\n<tr>\n<td valign=\"top\" width=\"85\"><strong>\u00a0<\/strong><\/td>\n<td valign=\"top\" width=\"132\"><\/td>\n<td valign=\"top\" width=\"76\"><\/td>\n<td valign=\"top\" width=\"406\"><\/td>\n<\/tr>\n<tr>\n<td valign=\"top\" width=\"85\"><strong>Juni<\/strong><\/td>\n<td valign=\"top\" width=\"132\">So 09.06.2013<\/td>\n<td valign=\"top\" width=\"76\">14.00 Uhr<\/td>\n<td valign=\"top\" width=\"406\">Wald-Mythenweg Waldbr\u00f6l, 1. EtappeBergischer Panoramasteig, ca. 3 Std<\/td>\n<\/tr>\n<tr>\n<td valign=\"top\" width=\"85\"><strong>\u00a0<\/strong><\/td>\n<td valign=\"top\" width=\"132\"><\/td>\n<td valign=\"top\" width=\"76\"><\/td>\n<td valign=\"top\" width=\"406\"><\/td>\n<\/tr>\n<tr>\n<td valign=\"top\" width=\"85\"><strong>Juli<\/strong><\/td>\n<td valign=\"top\" width=\"132\">So 14.07.2013<\/td>\n<td valign=\"top\" width=\"76\">10.00 Uhr<\/td>\n<td valign=\"top\" width=\"406\">Wanderung der S\u00fcdkreisheimatvereine, <strong>\u201cNeuer Baumweg\u201c<\/strong>2. Etappe Bergischer Panoramasteig<\/td>\n<\/tr>\n<tr>\n<td valign=\"top\" width=\"85\"><strong>\u00a0<\/strong><\/td>\n<td valign=\"top\" width=\"132\"><\/td>\n<td valign=\"top\" width=\"76\"><\/td>\n<td valign=\"top\" width=\"406\"><\/td>\n<\/tr>\n<tr>\n<td valign=\"top\" width=\"85\"><strong>August<\/strong><\/td>\n<td valign=\"top\" width=\"132\">N N<\/td>\n<td valign=\"top\" width=\"76\">07.00 Uhr<\/td>\n<td valign=\"top\" width=\"406\">Fr\u00fchwanderung mit Fr\u00fchst\u00fcck, Route und Datum im \u201cFlursch\u00fctz\u201c<\/td>\n<\/tr>\n<tr>\n<td valign=\"top\" width=\"85\"><strong>\u00a0<\/strong><\/td>\n<td valign=\"top\" width=\"132\"><\/td>\n<td valign=\"top\" width=\"76\"><\/td>\n<td valign=\"top\" width=\"406\"><\/td>\n<\/tr>\n<tr>\n<td valign=\"top\" width=\"85\"><strong>September<\/strong><\/td>\n<td valign=\"top\" width=\"132\">So 15.09.2013<\/td>\n<td valign=\"top\" width=\"76\">10.00Uhr<\/td>\n<td valign=\"top\" width=\"406\">N\u00e4chste Etappe Siegsteig: von Merten bis Eitorf, Rucksackverpflegung ca. 4,5 Std<\/td>\n<\/tr>\n<tr>\n<td valign=\"top\" width=\"85\"><strong>\u00a0<\/strong><\/td>\n<td valign=\"top\" width=\"132\"><\/td>\n<td valign=\"top\" width=\"76\"><\/td>\n<td valign=\"top\" width=\"406\"><\/td>\n<\/tr>\n<tr>\n<td valign=\"top\" width=\"85\"><strong>Oktober<\/strong><\/td>\n<td valign=\"top\" width=\"132\">Do 03. od. Fr 04.10.\u00a0 bis 06.10.2013<\/td>\n<td valign=\"top\" width=\"76\"><\/td>\n<td valign=\"top\" width=\"406\">Wanderwochenende Naturpark Eifel, Wildnis-Trail<\/td>\n<\/tr>\n<tr>\n<td valign=\"top\" width=\"85\"><strong>\u00a0<\/strong><\/td>\n<td valign=\"top\" width=\"132\"><\/td>\n<td valign=\"top\" width=\"76\"><\/td>\n<td valign=\"top\" width=\"406\"><\/td>\n<\/tr>\n<tr>\n<td valign=\"top\" width=\"85\"><strong>November<\/strong><\/td>\n<td valign=\"top\" width=\"132\">So 10.11.2013<\/td>\n<td valign=\"top\" width=\"76\">14.00Uhr<\/td>\n<td valign=\"top\" width=\"406\">Rund um Mohrenbach, Gro\u00df Langenbach, Kuchenwald, ca. 2,5 Std.<\/td>\n<\/tr>\n<tr>\n<td valign=\"top\" width=\"85\"><strong>\u00a0<\/strong><\/td>\n<td valign=\"top\" width=\"132\"><\/td>\n<td valign=\"top\" width=\"76\"><\/td>\n<td valign=\"top\" width=\"406\"><\/td>\n<\/tr>\n<tr>\n<td valign=\"top\" width=\"85\"><strong>Dezember<\/strong><\/td>\n<td valign=\"top\" width=\"132\">So 08.12.2013<\/td>\n<td valign=\"top\" width=\"76\">14.00 Uhr<\/td>\n<td valign=\"top\" width=\"406\">Wanderung mit Kind und Kegel zum Weihnachtsmarkt Odenspiel!Treffpunkt: Windr\u00e4der Wendershagen<\/td>\n<\/tr>\n<tr>\n<td valign=\"top\" width=\"85\"><strong>\u00a0<\/strong><\/td>\n<td valign=\"top\" width=\"132\"><\/td>\n<td valign=\"top\" width=\"76\"><\/td>\n<td valign=\"top\" width=\"406\"><\/td>\n<\/tr>\n<\/tbody>\n<\/table>\n<p>&nbsp;<\/p>\n<p><strong>\u00a0<\/strong><\/p>\n<p>&nbsp;<\/p>\n<table border=\"0\" width=\"699\" cellspacing=\"0\" cellpadding=\"0\">\n<tbody>\n<tr>\n<td valign=\"top\" width=\"699\"><strong>Auskunft:<\/strong> Mechhild Diederich, Tel. 02294\/999 56 49 oder Peter Buchen, Tel. 02294\/900 370<\/td>\n<\/tr>\n<\/tbody>\n<\/table>\n<p>&nbsp;<\/p>\n<p><strong><span style=\"text-decoration: underline;\">Wanderprogramm 2012 der <\/span><\/strong><\/p>\n<p><strong><span style=\"text-decoration: underline;\">Wandergruppe\u00a0im Heimatverein Morsbach<\/span><\/strong><\/p>\n<p>Treffpunkt ist immer am Kurpark in Morsbach<\/p>\n<table border=\"1\" width=\"690\" cellspacing=\"0\" cellpadding=\"0\">\n<tbody>\n<tr>\n<td valign=\"top\" width=\"690\"><strong>Anmeldung<\/strong> f\u00fcr das Wanderwochenende vom 05.-07.10.2012 Dinant, Maastal, in Belgien <strong>bis zum 30.01.2012<\/strong><\/td>\n<\/tr>\n<\/tbody>\n<\/table>\n<p>&nbsp;<\/p>\n<table border=\"0\" cellspacing=\"0\" cellpadding=\"0\">\n<tbody>\n<tr>\n<td valign=\"top\" width=\"85\"><strong>M\u00e4rz<\/strong><\/td>\n<td valign=\"top\" width=\"132\">So 04.03.2012<\/td>\n<td valign=\"top\" width=\"76\">14.00 Uhr<\/td>\n<td valign=\"top\" width=\"406\">\u00dcber den Steimelberg, ca. 3 Std.<\/td>\n<\/tr>\n<tr>\n<td valign=\"top\" width=\"85\"><strong>\u00a0<\/strong><\/td>\n<td valign=\"top\" width=\"132\"><\/td>\n<td valign=\"top\" width=\"76\"><\/td>\n<td valign=\"top\" width=\"406\"><\/td>\n<\/tr>\n<tr>\n<td valign=\"top\" width=\"85\"><strong>April<\/strong><\/td>\n<td valign=\"top\" width=\"132\">So 01.04.2012<\/td>\n<td valign=\"top\" width=\"76\">14.00 Uhr<\/td>\n<td valign=\"top\" width=\"406\">Wanderung im Wisserland, ca. 3 Std.<\/td>\n<\/tr>\n<tr>\n<td valign=\"top\" width=\"85\"><strong>\u00a0<\/strong><\/td>\n<td valign=\"top\" width=\"132\"><\/td>\n<td valign=\"top\" width=\"76\"><\/td>\n<td valign=\"top\" width=\"406\"><\/td>\n<\/tr>\n<tr>\n<td valign=\"top\" width=\"85\"><strong>Mai<\/strong><\/td>\n<td valign=\"top\" width=\"132\">Di 01.05.2012<\/td>\n<td valign=\"top\" width=\"76\">10.00 Uhr<\/td>\n<td valign=\"top\" width=\"406\">Traditionelle Wanderung mit dem Heimatverein<\/td>\n<\/tr>\n<tr>\n<td valign=\"top\" width=\"85\"><strong>\u00a0<\/strong><\/td>\n<td valign=\"top\" width=\"132\"><\/td>\n<td valign=\"top\" width=\"76\"><\/td>\n<td valign=\"top\" width=\"406\"><\/td>\n<\/tr>\n<tr>\n<td valign=\"top\" width=\"85\"><strong>Juni<\/strong><\/td>\n<td valign=\"top\" width=\"132\"><span style=\"color: #ff0000;\">Neu <\/span>So 17.06.2012<\/td>\n<td valign=\"top\" width=\"76\">10.00 Uhr<\/td>\n<td valign=\"top\" width=\"406\">Wandern in der Wahnerheide, ca. 3 Std. <span style=\"color: #ff0000;\">(statt 10.06.)<\/span><\/td>\n<\/tr>\n<tr>\n<td valign=\"top\" width=\"85\"><strong>\u00a0<\/strong><\/td>\n<td valign=\"top\" width=\"132\"><\/td>\n<td valign=\"top\" width=\"76\"><\/td>\n<td valign=\"top\" width=\"406\"><\/td>\n<\/tr>\n<tr>\n<td valign=\"top\" width=\"85\"><strong>Juli<\/strong><\/td>\n<td valign=\"top\" width=\"132\">So 08.07.2012<\/td>\n<td valign=\"top\" width=\"76\">10.30 Uhr<\/td>\n<td valign=\"top\" width=\"406\">Wanderung der S\u00fcdkreisheimatvereine\u00a0ab B\u00fcrgerhaus\u00a0Waldbr\u00f6l<\/td>\n<\/tr>\n<tr>\n<td valign=\"top\" width=\"85\"><strong>\u00a0August<\/strong><\/td>\n<td valign=\"top\" width=\"132\">So 05.08.2012<strong>ge\u00e4nderter Termin!<\/strong><\/td>\n<td valign=\"top\" width=\"76\">07.00 Uhr<\/td>\n<td valign=\"top\" width=\"406\">Fr\u00fchst\u00fcckswanderung rund um Morsbach, ca. 3 Std., Fr\u00fchst\u00fcck im Bistro, Anmeldung bis 29.07.2012<\/td>\n<\/tr>\n<tr>\n<td valign=\"top\" width=\"85\"><strong>August<\/strong><\/td>\n<td valign=\"top\" width=\"132\">So 26.08.2012<\/td>\n<td valign=\"top\" width=\"76\">14.00 Uhr<\/td>\n<td valign=\"top\" width=\"406\">Von Stocksh\u00f6he bis Honigessen, ca. 4 Std.<\/td>\n<\/tr>\n<tr>\n<td valign=\"top\" width=\"85\"><strong>\u00a0<\/strong><\/td>\n<td valign=\"top\" width=\"132\"><\/td>\n<td valign=\"top\" width=\"76\"><\/td>\n<td valign=\"top\" width=\"406\"><\/td>\n<\/tr>\n<tr>\n<td valign=\"top\" width=\"85\"><strong>September<\/strong><\/td>\n<td valign=\"top\" width=\"132\">So 23.09.2012<\/td>\n<td valign=\"top\" width=\"76\">10.00 Uhr<\/td>\n<td valign=\"top\" width=\"406\">\u00dcber den Siegtal-Steig,\u00a0 ca. 4 Std.<\/td>\n<\/tr>\n<tr>\n<td valign=\"top\" width=\"85\"><strong>\u00a0<\/strong><\/td>\n<td valign=\"top\" width=\"132\"><\/td>\n<td valign=\"top\" width=\"76\"><\/td>\n<td valign=\"top\" width=\"406\"><\/td>\n<\/tr>\n<tr>\n<td valign=\"top\" width=\"85\"><strong>Oktober<\/strong><\/td>\n<td valign=\"top\" width=\"132\">Fr 05. &#8211; So 07.10.2012<\/td>\n<td valign=\"top\" width=\"76\"><\/td>\n<td valign=\"top\" width=\"406\">Wochenendtour Belgien Dinant, MaastalAuskunft: Mechhild Diederich, Tel. 02294\/999 56 49 und\u00a0\u00a0\u00a0\u00a0\u00a0\u00a0\u00a0\u00a0\u00a0\u00a0\u00a0\u00a0\u00a0\u00a0\u00a0\u00a0 Peter Buchen, Tel. 02294\/900 370<\/td>\n<\/tr>\n<tr>\n<td valign=\"top\" width=\"85\"><strong>\u00a0<\/strong><\/td>\n<td valign=\"top\" width=\"132\"><\/td>\n<td valign=\"top\" width=\"76\"><\/td>\n<td valign=\"top\" width=\"406\"><\/td>\n<\/tr>\n<tr>\n<td valign=\"top\" width=\"85\"><strong>November<\/strong><\/td>\n<td valign=\"top\" width=\"132\">So 04.11.2012<\/td>\n<td valign=\"top\" width=\"76\">14.00 Uhr<\/td>\n<td valign=\"top\" width=\"406\">Asbacher D\u00f6rfer, ca. 3 Std.(CB-14.01.12)<\/td>\n<\/tr>\n<\/tbody>\n<\/table>\n<p><strong><span style=\"text-decoration: underline;\">Wanderprogramm 2011 <\/span><\/strong><\/p>\n<p><strong><span style=\"text-decoration: underline;\">der Wandergruppe im Heimatverein Morsbach<\/span><\/strong><\/p>\n<p><span style=\"text-decoration: underline;\">Treffpunkt ist immer am Kurpark in Morsbach<\/span><\/p>\n<p><a href=\"http:\/\/heimatverein-morsbach.de\/wp-content\/uploads\/2011\/02\/Maiwanderung_2.jpg\"><img loading=\"lazy\" decoding=\"async\" class=\"aligncenter size-medium wp-image-128\" title=\"Maiwanderung_2\" src=\"http:\/\/heimatverein-morsbach.de\/wp-content\/uploads\/2011\/02\/Maiwanderung_2-300x201.jpg\" alt=\"\" width=\"300\" height=\"201\" \/><\/a><\/p>\n<p><strong>Januar<\/strong>\u00a0\u00a0\u00a0\u00a0\u00a0\u00a0\u00a0\u00a0\u00a0\u00a0\u00a0 Sa 15.01.2011, Anmeldeschluss f\u00fcr Belgien v. 30.9.-3.10.2011<\/p>\n<p><strong>Februar<\/strong>\u00a0\u00a0\u00a0\u00a0\u00a0\u00a0\u00a0\u00a0\u00a0 So 13.02.2011, 14.00 Uhr, Wildenburger Land\/N\u00e4dringen<\/p>\n<p><strong>M\u00e4rz<\/strong>\u00a0\u00a0\u00a0\u00a0\u00a0\u00a0\u00a0\u00a0\u00a0\u00a0\u00a0\u00a0\u00a0\u00a0 So 20.03.2011, 14.00 Uhr, Morsbacher Runde (ca. 12 km)<\/p>\n<p><strong>April<\/strong>\u00a0\u00a0\u00a0\u00a0\u00a0\u00a0\u00a0\u00a0\u00a0\u00a0\u00a0\u00a0\u00a0\u00a0 So 03.04.2011, 14.00 Uhr, Wanderung im Wisserland<\/p>\n<p><strong>Mai<\/strong>\u00a0\u00a0\u00a0\u00a0\u00a0\u00a0\u00a0\u00a0\u00a0\u00a0\u00a0\u00a0\u00a0\u00a0\u00a0\u00a0 So 01.05.2011, 10.00 Uhr, Traditionelle Familienwanderung des Heimatvereins mit anschl. Kinder- u. Familienfest im Kurpark<\/p>\n<p><a href=\"http:\/\/heimatverein-morsbach.de\/wp-content\/uploads\/2011\/02\/1.-Mai-Plakat2011.jpg\"><img loading=\"lazy\" decoding=\"async\" class=\"aligncenter size-full wp-image-174\" title=\"1. Mai Plakat2011\" src=\"http:\/\/heimatverein-morsbach.de\/wp-content\/uploads\/2011\/02\/1.-Mai-Plakat2011.jpg\" alt=\"\" width=\"563\" height=\"800\" \/><\/a><\/p>\n<p><strong>Juni<\/strong>\u00a0\u00a0\u00a0\u00a0\u00a0\u00a0\u00a0\u00a0\u00a0\u00a0\u00a0\u00a0\u00a0\u00a0\u00a0\u00a0 So 05.06.2011, 10.00 Uhr, Siegen\/Netphen<\/p>\n<p><strong>Juli\u00a0\u00a0\u00a0\u00a0\u00a0 <\/strong>\u00a0\u00a0\u00a0\u00a0\u00a0\u00a0\u00a0\u00a0\u00a0\u00a0\u00a0 So 03.07.2011, 10.00 Uhr, Heisterbach\/Siebengebirge<\/p>\n<p><strong>August<\/strong>\u00a0\u00a0\u00a0\u00a0\u00a0\u00a0\u00a0\u00a0\u00a0\u00a0\u00a0 Sommerpause<\/p>\n<p><strong>September<\/strong>\u00a0\u00a0\u00a0\u00a0\u00a0 So 11.09.2011, 10.00 Uhr, KulturTour, Stadt Blankenberg<\/p>\n<p><strong>Oktober<\/strong>\u00a0\u00a0\u00a0\u00a0\u00a0\u00a0\u00a0\u00a0\u00a0 Fr 30.9.2011-Mo 3.10.2011, Wochenend-Tour n. Belgien\/Nordseek\u00fcste (s.o.)<\/p>\n<p><strong>November<\/strong>\u00a0\u00a0\u00a0\u00a0\u00a0 So 06.11.2011, 14.00 Uhr, Morsbach-K\u00f6mpel (Bahnstrecke)<\/p>\n<p><strong>Dezember<\/strong>\u00a0\u00a0\u00a0\u00a0\u00a0\u00a0 Sa 10.12.2011 + So 11.12.2011, geplante Teilnahme am Morsbacher Weihnachtsmarkt<\/p>\n<p><span style=\"text-decoration: underline;\">Infos: Hans-Peter Buchen, Tel.02294\/900370<\/span><\/p>\n<p>(CB-18.02.11)<\/p>\n","protected":false},"excerpt":{"rendered":"<p>Informationen zu k\u00fcnftige Wanderungen siehe unter News Wanderung des Morsbacher Heimatvereins durch das Aubachtal \u00a0 Am Sonntag, den 09.02.2020 f\u00fchrt der Heimatverein Morsbach seine erste diesj\u00e4hrige Wanderung durch. Jeder Wander &#8211; und Heimatinteressierte ist herzlich eingeladen mit zuwandern. Ben\u00f6tigt werden gutes Schuhwerk und Rucksackverpflegung. Die rund zweieinhalbst\u00fcndige Wanderung startet um 10.00 Uhr am Stellplatz oberhalb [&hellip;]<\/p>\n","protected":false},"author":2,"featured_media":0,"parent":0,"menu_order":6,"comment_status":"closed","ping_status":"closed","template":"","meta":{"footnotes":""},"class_list":["post-109","page","type-page","status-publish","hentry"],"_links":{"self":[{"href":"https:\/\/heimatverein-morsbach.de\/index.php?rest_route=\/wp\/v2\/pages\/109","targetHints":{"allow":["GET"]}}],"collection":[{"href":"https:\/\/heimatverein-morsbach.de\/index.php?rest_route=\/wp\/v2\/pages"}],"about":[{"href":"https:\/\/heimatverein-morsbach.de\/index.php?rest_route=\/wp\/v2\/types\/page"}],"author":[{"embeddable":true,"href":"https:\/\/heimatverein-morsbach.de\/index.php?rest_route=\/wp\/v2\/users\/2"}],"replies":[{"embeddable":true,"href":"https:\/\/heimatverein-morsbach.de\/index.php?rest_route=%2Fwp%2Fv2%2Fcomments&post=109"}],"version-history":[{"count":11,"href":"https:\/\/heimatverein-morsbach.de\/index.php?rest_route=\/wp\/v2\/pages\/109\/revisions"}],"predecessor-version":[{"id":2393,"href":"https:\/\/heimatverein-morsbach.de\/index.php?rest_route=\/wp\/v2\/pages\/109\/revisions\/2393"}],"wp:attachment":[{"href":"https:\/\/heimatverein-morsbach.de\/index.php?rest_route=%2Fwp%2Fv2%2Fmedia&parent=109"}],"curies":[{"name":"wp","href":"https:\/\/api.w.org\/{rel}","templated":true}]}}